{"id":294,"date":"2025-10-29T13:00:23","date_gmt":"2025-10-29T13:00:23","guid":{"rendered":"https:\/\/zeitzureden.org\/?post_type=nor-mitwirkende&#038;p=294"},"modified":"2025-11-02T17:48:08","modified_gmt":"2025-11-02T17:48:08","slug":"asal-dardan","status":"publish","type":"nor-mitwirkende","link":"https:\/\/zeitzureden.org\/en\/contributer\/asal-dardan\/","title":{"rendered":"Asal Dardan"},"content":{"rendered":"\n<p>Asal Dardan ist freie Autorin und Kulturwissenschaftlerin. Sie kam in Tehran zur Welt und wuchs in K\u00f6ln, Bonn und Aberdeen auf. Sie studierte Kulturwissenschaftlerin in Hildesheim und Nahoststudien in Lund. 20212 war sie Co-Herausgeberin des bei Bertz + Fischer erschienenen Sammelbandes \u201eWelchen der Steine du hebst\u2026\u201c zur filmischen Erinnerung an den Holocaust. F\u00fcr ihren Text Neue Jahre wurde sie 2020 mit dem Caroline-Schlegel-Preis f\u00fcr Essayistik ausgezeichnet. Ihr Essayband Betrachtungen einer Barbarin wurde 2021 f\u00fcr den Deutschen Sachbuchpreis und 2022 f\u00fcr den Clemens-Brentano-Preis nominiert. Im Mai 2023 hielt sie die erste Erika-Mann-Lecture an der Ludwig-Maximilians-Universit\u00e4t M\u00fcnchen \u2014 auf den Tag genau 90 Jahre nach den B\u00fccherverbrennungen in Deutschland. Ihr zweites Buch Traumaland ist im Januar 2025 im Rowohlt Verlag erschienen. Darin begibt sie sich auf die Spurensuche durch die deutsche Vergangenheit und Gegenwart und zeichnet eine Topografie der politischen Gewaltgeschichte dieses Landes. Heute lebt Daran in Berlin und auf der schwedischen Insel \u00d6land.<\/p>\n","protected":false},"excerpt":{"rendered":"<p>Asal Dardan ist freie Autorin und Kulturwissenschaftlerin. Sie kam in Tehran zur Welt und wuchs in K\u00f6ln, Bonn und Aberdeen&#8230;<\/p>\n","protected":false},"author":2,"featured_media":289,"comment_status":"closed","ping_status":"closed","template":"","tags":[],"nor-mitwirkende_cat":[18],"class_list":["post-294","nor-mitwirkende","type-nor-mitwirkende","status-publish","has-post-thumbnail","hentry","nor-mitwirkende_cat-d"],"_links":{"self":[{"href":"https:\/\/zeitzureden.org\/en\/wp-json\/wp\/v2\/nor-mitwirkende\/294","targetHints":{"allow":["GET"]}}],"collection":[{"href":"https:\/\/zeitzureden.org\/en\/wp-json\/wp\/v2\/nor-mitwirkende"}],"about":[{"href":"https:\/\/zeitzureden.org\/en\/wp-json\/wp\/v2\/types\/nor-mitwirkende"}],"author":[{"embeddable":true,"href":"https:\/\/zeitzureden.org\/en\/wp-json\/wp\/v2\/users\/2"}],"replies":[{"embeddable":true,"href":"https:\/\/zeitzureden.org\/en\/wp-json\/wp\/v2\/comments?post=294"}],"wp:featuredmedia":[{"embeddable":true,"href":"https:\/\/zeitzureden.org\/en\/wp-json\/wp\/v2\/media\/289"}],"wp:attachment":[{"href":"https:\/\/zeitzureden.org\/en\/wp-json\/wp\/v2\/media?parent=294"}],"wp:term":[{"taxonomy":"post_tag","embeddable":true,"href":"https:\/\/zeitzureden.org\/en\/wp-json\/wp\/v2\/tags?post=294"},{"taxonomy":"nor-mitwirkende_cat","embeddable":true,"href":"https:\/\/zeitzureden.org\/en\/wp-json\/wp\/v2\/nor-mitwirkende_cat?post=294"}],"curies":[{"name":"wp","href":"https:\/\/api.w.org\/{rel}","templated":true}]}}